{"id":1173,"date":"2021-12-01T16:18:09","date_gmt":"2021-12-01T13:18:09","guid":{"rendered":"https:\/\/www.brgdefence.com\/human-resources-policy\/"},"modified":"2021-12-01T16:18:09","modified_gmt":"2021-12-01T13:18:09","slug":"human-resources-policy","status":"publish","type":"page","link":"https:\/\/brgdefence.com\/en\/human-resources-policy\/","title":{"rendered":"Human Resources Policy"},"content":{"rendered":"<div class=\"wpb-content-wrapper\"><p>[vc_row][vc_column]\t\t\t<link rel=\"stylesheet\" id=\"wd-section-title-css\" href=\"https:\/\/brgdefence.com\/wp-content\/themes\/BRG\/css\/parts\/el-section-title.min.css?ver=6.1.5\" type=\"text\/css\" media=\"all\" \/> \t\t\t\t\t\n\t\t<div id=\"wd-61ab41c631584\" class=\"title-wrapper wd-wpb set-mb-s reset-last-child  wd-title-color-default wd-title-style-default wd-width-100 text-left \">\n\t\t\t\n\t\t\t<div class=\"liner-continer\">\n\t\t\t\t<h4 class=\"woodmart-title-container title  wd-font-weight- wd-fontsize-l\" >\u0130nsan Kaynaklar\u0131 Politikas\u0131<\/h4>\n\t\t\t\t\t\t\t<\/div>\n\t\t\t\n\t\t\t\t\t\t\t<div class=\"title-after_title  set-cont-mb-s reset-last-child  wd-fontsize-xs\">\u0130nsan kaynaklar\u0131 politikam\u0131z i\u015fin gerekleriyle \u00e7al\u0131\u015fanlar\u0131m\u0131z\u0131n beceri ve yetkinliklerini birle\u015ftirerek herkesi e\u015fit f\u0131rsat ilkesiyle se\u00e7mek, geli\u015ftirmek ve de\u011ferlendirmektir.\n\u0130nsan kaynaklar\u0131 politikam\u0131z\u0131n hedefleri kurumumuzun dinamik yap\u0131s\u0131n\u0131 korumak, \u00e7al\u0131\u015fanlar\u0131m\u0131z\u0131n i\u015fine motive olmas\u0131 ve s\u00fcrekli geli\u015fime a\u00e7\u0131k bir \u015fekilde gelecek y\u0131llara sa\u011flam ad\u0131mlar atmakt\u0131r.\nG\u00fcn\u00fcm\u00fcz d\u00fcnyas\u0131ndaki geli\u015fimlere ayak uydurabilmek i\u00e7in ekibimizin geli\u015fimi odakland\u0131\u011f\u0131m\u0131z en \u00f6nemli konulardan biridir. Bu hususta insan kaynaklar\u0131 birimi \u00e7e\u015fitli e\u011fitim programlar\u0131 d\u00fczenleyerek kurumumuzun ihtiya\u00e7lar\u0131 ve \u00e7al\u0131\u015fan kapasitemiz do\u011frultusunda ki\u015fisel geli\u015fimini sa\u011flayacak bir kariyer plan\u0131 olu\u015fturmay\u0131 hedeflemektedir.<\/div>\n\t\t\t\n\t\t\t\t\t<\/div>\n\t\t\n\t\t[\/vc_column][\/vc_row][vc_row][vc_column]\t\t\n\t\t<div id=\"wd-61ab41cdc4d20\" class=\"title-wrapper wd-wpb set-mb-s reset-last-child  wd-title-color-default wd-title-style-default wd-width-100 text-left \">\n\t\t\t\n\t\t\t<div class=\"liner-continer\">\n\t\t\t\t<h4 class=\"woodmart-title-container title  wd-font-weight- wd-fontsize-l\" >Politikam\u0131z Do\u011frultusunda Burgu Metal<\/h4>\n\t\t\t\t\t\t\t<\/div>\n\t\t\t\n\t\t\t\t\t\t\t<div class=\"title-after_title  set-cont-mb-s reset-last-child  wd-fontsize-xs\">\u00c7al\u0131\u015fanlar\u0131m\u0131z\u0131n memnuniyetini g\u00f6zeterek \u015firket aidiyetini sa\u011flamak amac\u0131yla etkinlikler d\u00fczenlemektedir.\n\u00c7al\u0131\u015fanlar\u0131m\u0131zla g\u00fcvenilir ve etkili bir ileti\u015fim kurmak i\u00e7in \u015feffaf ve a\u00e7\u0131k y\u00f6netim politikas\u0131 izlemektedir.\n\u0130nsan haklar\u0131 ihlallerini engellemektedir.\nKurum i\u00e7inde olas\u0131 durumlarda profesyonel \u00e7\u00f6z\u00fcmler geli\u015ftirmektedir.<\/div>\n\t\t\t\n\t\t\t\t\t<\/div>\n\t\t\n\t\t[\/vc_column][\/vc_row]<\/p>\n<\/div>","protected":false},"excerpt":{"rendered":"<p>[vc_row][vc_column][\/vc_column][\/vc_row][vc_row][vc_column][\/vc_column][\/vc_row]<\/p>\n","protected":false},"author":1,"featured_media":0,"parent":0,"menu_order":0,"comment_status":"closed","ping_status":"closed","template":"","meta":{"footnotes":""},"class_list":["post-1173","page","type-page","status-publish","hentry"],"_links":{"self":[{"href":"https:\/\/brgdefence.com\/en\/wp-json\/wp\/v2\/pages\/1173","targetHints":{"allow":["GET"]}}],"collection":[{"href":"https:\/\/brgdefence.com\/en\/wp-json\/wp\/v2\/pages"}],"about":[{"href":"https:\/\/brgdefence.com\/en\/wp-json\/wp\/v2\/types\/page"}],"author":[{"embeddable":true,"href":"https:\/\/brgdefence.com\/en\/wp-json\/wp\/v2\/users\/1"}],"replies":[{"embeddable":true,"href":"https:\/\/brgdefence.com\/en\/wp-json\/wp\/v2\/comments?post=1173"}],"version-history":[{"count":0,"href":"https:\/\/brgdefence.com\/en\/wp-json\/wp\/v2\/pages\/1173\/revisions"}],"wp:attachment":[{"href":"https:\/\/brgdefence.com\/en\/wp-json\/wp\/v2\/media?parent=1173"}],"curies":[{"name":"wp","href":"https:\/\/api.w.org\/{rel}","templated":true}]}}